{"id":3073,"date":"2020-10-27T05:02:39","date_gmt":"2020-10-27T05:02:39","guid":{"rendered":"https:\/\/www.artestruzmallorca.com\/que-ofrecemos\/"},"modified":"2025-04-23T14:44:42","modified_gmt":"2025-04-23T12:44:42","slug":"que-ofrecemos","status":"publish","type":"page","link":"https:\/\/www.artestruzmallorca.com\/fr\/","title":{"rendered":"Home"},"content":{"rendered":"<p>[vc_row motts_theme_padding=\u00a0\u00bbno\u00a0\u00bb css=\u00a0\u00bb.vc_custom_1629044687683{margin-right: 0px !important;margin-left: 0px !important;}\u00a0\u00bb][vc_column css=\u00a0\u00bb.vc_custom_1629044673704{padding-right: 0px !important;padding-left: 0px !important;}\u00a0\u00bb][ts_hero_slider hero_slider=\u00a0\u00bb47&Prime;][\/vc_column][\/vc_row][vc_row content_placement=\u00a0\u00bbmiddle\u00a0\u00bb motts_theme_padding=\u00a0\u00bbno\u00a0\u00bb use_container=\u00a0\u00bbyes\u00a0\u00bb css=\u00a0\u00bb.vc_custom_1603961915955{padding-top: 100px !important;}\u00a0\u00bb][vc_column offset=\u00a0\u00bbvc_col-md-6&Prime;][ts_side_content display_button=\u00a0\u00bbshow\u00a0\u00bb button_label=\u00a0\u00bbVISITA\u00a0\u00bb button_url=\u00a0\u00bbhttps:\/\/www.artestruzmallorca.com\/visitar-artestruz\/\u00a0\u00bb tagline=\u00a0\u00bbWelcome\u00a0\u00bb title=\u00a0\u00bbAgricultural seed market, whilst our farm traders\u00a0\u00bb description=\u00a0\u00bbWild flowers , plants and fungi are the life support for all our wildlife and their colour and character light up our landscapes. But without our help , this priceless natural heritage is in danger of being lost.\u00a0\u00bb side_content=\u00a0\u00bb<\/p>\n<h2>Welcome<\/h2>\n<h6>Agricultural seed market, whilst our farm traders<\/h6>\n<p>Wild flowers , plants and fungi are the life support for all our wildlife and their colour and character light up our landscapes. But without our help , this priceless natural heritage is in danger of being lost.\u00a0\u00bb]<strong><span style=\"font-size: 14pt;\">Bienvenue dans notre ferme familiale \u00e9ducative.<\/span><\/strong><\/p>\n<p>Fond\u00e9e en 1998 gr\u00e2ce au r\u00eave de la famille Loffler de faire venir ces merveilleux petits amis ail\u00e9s d&rsquo;Afrique du Sud, Artestruz est un monde plein d&rsquo;amour et de respect pour les animaux, une exp\u00e9rience pour vivre des moments incroyables ! Apprendre l&rsquo;histoire de ces oiseaux myst\u00e9rieux, prendre des photos authentiques, et m\u00eame cuisiner un \u0153uf d&rsquo;autruche g\u00e9ant ![\/ts_side_content][\/vc_column][vc_column offset=\u00a0\u00bbvc_col-md-6&Prime;][ts_side_slider details=\u00a0\u00bb%5B%7B%22image%22%3A%2210725%22%7D%2C%7B%22image%22%3A%22580%22%2C%22title%22%3A%22ostrich%2C%20avestruz%2C%20mallorca%2C%20actividades%2C%20holidays%2C%20weekend%22%7D%2C%7B%22image%22%3A%224237%22%2C%22title%22%3A%22familia%2Cavestruz%2Cmallorca%2Cfamily%2Cactivities%2Costrich%22%7D%2C%7B%22image%22%3A%224141%22%7D%2C%7B%22image%22%3A%224236%22%7D%5D\u00a0\u00bb][\/vc_column][\/vc_row][vc_row use_container=\u00a0\u00bbyes\u00a0\u00bb][vc_column width=\u00a0\u00bb1\/3&Prime;][ts_counter_box image=\u00a0\u00bb97&Prime; value=\u00a0\u00bb2000&Prime; description=\u00a0\u00bbLes enfants en contact avec la nature en 2019&Prime;][vc_empty_space][\/vc_column][vc_column width=\u00a0\u00bb1\/3&Prime;][ts_counter_box image=\u00a0\u00bb97&Prime; value=\u00a0\u00bb6775&Prime; description=\u00a0\u00bb\u0152ufs pondus\u00a0\u00bb][vc_empty_space][\/vc_column][vc_column width=\u00a0\u00bb1\/3&Prime;][ts_counter_box image=\u00a0\u00bb97&Prime; value=\u00a0\u00bb50&Prime; description=\u00a0\u00bbCollaborations \u00e0 des fins sociales \u00e0 Artestruz depuis 2018.\u00a0\u00bb][vc_empty_space][\/vc_column][\/vc_row][vc_row content_placement=\u00a0\u00bbmiddle\u00a0\u00bb section_background_color=\u00a0\u00bb#009a4e\u00a0\u00bb motts_theme_padding=\u00a0\u00bbno\u00a0\u00bb use_container=\u00a0\u00bbyes\u00a0\u00bb conter_content=\u00a0\u00bbyes\u00a0\u00bb css=\u00a0\u00bb.vc_custom_1624560666307{margin-right: 0px !important;margin-left: 0px !important;}\u00a0\u00bb][vc_column css=\u00a0\u00bb.vc_custom_1629044590727{padding-right: 0px !important;padding-left: 0px !important;}\u00a0\u00bb][vc_empty_space height=\u00a0\u00bb82px\u00a0\u00bb][ts_timeline_slider title=\u00a0\u00bbApprenez \u00e0 conna\u00eetre notre histoire\u00a0\u00bb details=\u00a0\u00bb%5B%7B%22year%22%3A%221998%22%2C%22title%22%3A%22Josephine%20van%20Stokkum%20%26%20Uri%20Loffler%22%2C%22description%22%3A%22Jos%C3%A9phine%20et%20Uri%20d%C3%A9cident%20de%20retourner%20d&rsquo;Afrique%20du%20Sud%20%C3%A0%20Majorque%2C%20o%C3%B9%20ils%20se%20sont%20rencontr%C3%A9s%2C%20pour%20y%20%C3%A9lever%20leurs%20deux%20enfants.%20%C3%80%20leur%20retour%2C%20ils%20emportent%20avec%20eux%20un%20r%C3%AAve%20singulier%20%3A%20cr%C3%A9er%20un%20%C3%A9levage%20d&rsquo;autruches.%22%7D%2C%7B%22year%22%3A%222007%22%2C%22title%22%3A%22Amis%20ail%C3%A9s%22%2C%22description%22%3A%22Au%20fil%20du%20temps%2C%20la%20famille%20s&rsquo;est%20prise%20d&rsquo;affection%20pour%20ces%20animaux%20particuliers%20et%20a%20d%C3%A9cid%C3%A9%20de%20consacrer%20son%20temps%20%C3%A0%20enseigner%20%C3%A0%20ses%20visiteurs%20le%20monde%20%C3%A9tonnant%20des%20autruches.%20ARTESTRUZ%20est%20n%C3%A9e%20comme%20une%20ferme%20p%C3%A9dagogique.%20%22%7D%2C%7B%22year%22%3A%222014%22%2C%22title%22%3A%22Des%20nouvelles%20r%C3%A9jouissantes%22%2C%22description%22%3A%22Artestruz%20ouvre%20son%20espace%20caf%C3%A9t%C3%A9ria%20o%C3%B9%20vous%20pourrez%20d%C3%A9guster%20un%20d%C3%A9licieux%20%C5%93uf%20d&rsquo;autruche%20frit%20ou%20d%C3%A9jeuner%20entour%C3%A9%20de%20ces%20animaux%20exotiques.%22%7D%2C%7B%22year%22%3A%222019%22%2C%22title%22%3A%22Un%20espace%20%C3%A0%20savourer%22%2C%22description%22%3A%22La%20ferme%20ouvre%20ses%20portes%20pour%20des%20%C3%A9v%C3%A9nements%20priv%C3%A9s%20%C3%A0%20la%20recherche%20d&rsquo;activit%C3%A9s%20uniques%20(team%20building%2C%20anniversaires%2C%20r%C3%A9unions).%22%7D%5D\u00a0\u00bb][\/vc_column][\/vc_row][vc_row content_placement=\u00a0\u00bbmiddle\u00a0\u00bb parallax=\u00a0\u00bbcontent-moving\u00a0\u00bb parallax_image=\u00a0\u00bb681&Prime; motts_theme_padding=\u00a0\u00bbno\u00a0\u00bb conter_content=\u00a0\u00bbyes\u00a0\u00bb use_predefined_class=\u00a0\u00bbyes\u00a0\u00bb css=\u00a0\u00bb.vc_custom_1629046822427{margin-right: 0px !important;margin-left: 0px !important;}\u00a0\u00bb predefined_class=\u00a0\u00bbtimeline-image\u00a0\u00bb][vc_column css=\u00a0\u00bb.vc_custom_1629046039848{padding-right: 0px !important;padding-left: 0px !important;}\u00a0\u00bb][vc_empty_space height=\u00a0\u00bb500px\u00a0\u00bb][\/vc_column][\/vc_row][vc_row anchor_wrap_section=\u00a0\u00bbno\u00a0\u00bb use_container=\u00a0\u00bbyes\u00a0\u00bb][vc_column][vc_empty_space height=\u00a0\u00bb42px\u00a0\u00bb][ts_section_title color=\u00a0\u00bb#81d742&Prime; tagline=\u00a0\u00bbProfiter et apprendre\u00a0\u00bb title=\u00a0\u00bbNos activit\u00e9s ont un but\u00a0\u00bb][vc_column_text]<\/p>\n<p style=\"text-align: justify;\">Nos activit\u00e9s sont con\u00e7ues pour \u00eatre pratiqu\u00e9es aussi bien seul qu&rsquo;en groupe. En outre, ils sont con\u00e7us pour r\u00e9pondre aux besoins de nos clients, en pensant toujours au bien-\u00eatre de nos autruches et de nos travailleurs.<\/p>\n<p>[\/vc_column_text][\/vc_column][\/vc_row][vc_row full_width=\u00a0\u00bbstretch_row\u00a0\u00bb equal_height=\u00a0\u00bbyes\u00a0\u00bb content_placement=\u00a0\u00bbmiddle\u00a0\u00bb anchor_wrap_section=\u00a0\u00bbno\u00a0\u00bb use_container=\u00a0\u00bbyes\u00a0\u00bb css=\u00a0\u00bb.vc_custom_1626279598610{background-position: center !important;background-repeat: no-repeat !important;background-size: cover !important;}\u00a0\u00bb][vc_column width=\u00a0\u00bb1\/6&Prime;][\/vc_column][vc_column width=\u00a0\u00bb2\/3&Prime; css=\u00a0\u00bb.vc_custom_1626282523833{background-color: #faf7f3 !important;}\u00a0\u00bb][vc_video link=\u00a0\u00bbhttps:\/\/www.youtube.com\/watch?v=ZNLXu9ALKsU\u00a0\u00bb el_aspect=\u00a0\u00bb43&Prime; align=\u00a0\u00bbcenter\u00a0\u00bb][vc_column_text]<span style=\"font-size: 14pt;\"><strong>Visitez Artestruz<\/strong><\/span><\/p>\n<p>Visitez et d\u00e9couvrez l&rsquo;\u00e9volution, les comp\u00e9tences, les comportements et bien d&rsquo;autres d\u00e9tails int\u00e9ressants de l&rsquo;autruche et entrez en contact avec des animaux curieux et amusants. Il est facile de cr\u00e9er des liens avec ces magnifiques oiseaux \u00e0 Artestruz. Quoi qu&rsquo;il en soit, c&rsquo;est un plaisir de visiter notre ferme ![\/vc_column_text][vc_btn title=\u00a0\u00bbPour en savoir plus\u00a0\u00bb style=\u00a0\u00bboutline\u00a0\u00bb color=\u00a0\u00bborange\u00a0\u00bb align=\u00a0\u00bbcenter\u00a0\u00bb link=\u00a0\u00bburl:https%3A%2F%2Fwww.artestruzmallorca.com%2Fvisitar-artestruz%2F|title:Eventos%20e%20incentivos\u00a0\u00bb][vc_empty_space][\/vc_column][vc_column width=\u00a0\u00bb1\/6&Prime;][\/vc_column][\/vc_row][vc_row full_width=\u00a0\u00bbstretch_row\u00a0\u00bb use_container=\u00a0\u00bbyes\u00a0\u00bb css=\u00a0\u00bb.vc_custom_1626282329479{background-position: center !important;background-repeat: no-repeat !important;background-size: cover !important;}\u00a0\u00bb][vc_column width=\u00a0\u00bb1\/3&Prime;][ts_year_box image=\u00a0\u00bb557&Prime; value=\u00a0\u00bb25&Prime; description=\u00a0\u00bbDes ann\u00e9es d&rsquo;exp\u00e9rience avec les autruches\u00a0\u00bb][\/vc_column][vc_column width=\u00a0\u00bb2\/3&Prime;][ts_testimonial image=\u00a0\u00bb584&Prime; testimonial=\u00a0\u00bbNotre amour pour les autruches est notre fiert\u00e9 et notre joie. Nous avons consacr\u00e9 une grande partie de notre vie \u00e0 ces merveilleux animaux, et nous avons l&rsquo;intention de leur en consacrer encore beaucoup.\u00a0\u00bb name=\u00a0\u00bbFamille Loffler\u00a0\u00bb subtitle=\u00a0\u00bbArtestruz\u00a0\u00bb][\/vc_column][\/vc_row][vc_row full_width=\u00a0\u00bbstretch_row\u00a0\u00bb equal_height=\u00a0\u00bbyes\u00a0\u00bb content_placement=\u00a0\u00bbmiddle\u00a0\u00bb anchor_wrap_section=\u00a0\u00bbno\u00a0\u00bb use_container=\u00a0\u00bbyes\u00a0\u00bb][vc_column width=\u00a0\u00bb1\/2&Prime; css=\u00a0\u00bb.vc_custom_1626276912099{background-color: #faf7f3 !important;}\u00a0\u00bb][vc_column_text]<\/p>\n<p style=\"text-align: center;\"><strong><span style=\"font-size: 14pt;\">Caf\u00e9t\u00e9ria<\/span><\/strong><\/p>\n<p style=\"text-align: center;\">Apr\u00e8s avoir rencontr\u00e9 les autruches, et v\u00e9cu toutes ces \u00e9motions&#8230; nous avons faim ! Eh bien, super, nous vous proposons un espace ombrag\u00e9 pour apporter votre pique-nique et profiter de la campagne. Nous proposons \u00e9galement des boissons gazeuses, du caf\u00e9 et des glaces.<\/p>\n<p>[\/vc_column_text][vc_btn title=\u00a0\u00bbPlus d&rsquo;informations\u00a0\u00bb style=\u00a0\u00bboutline\u00a0\u00bb color=\u00a0\u00bborange\u00a0\u00bb align=\u00a0\u00bbcenter\u00a0\u00bb link=\u00a0\u00bburl:https%3A%2F%2Fwww.artestruzmallorca.com%2Fcafeteria|title:Caf%C3%A9t%C3%A9ria\u00a0\u00bb][\/vc_column][vc_column width=\u00a0\u00bb1\/2&Prime; css=\u00a0\u00bb.vc_custom_1626281995914{background: #faf7f3 url(https:\/\/bazan-lab.com\/Artestruz\/wp-content\/uploads\/2020\/10\/cafeteria.jpg?id=845) !important;background-position: center !important;background-repeat: no-repeat !important;background-size: cover !important;}\u00a0\u00bb][vc_empty_space height=\u00a0\u00bb452px\u00a0\u00bb][\/vc_column][\/vc_row][vc_row full_width=\u00a0\u00bbstretch_row\u00a0\u00bb equal_height=\u00a0\u00bbyes\u00a0\u00bb content_placement=\u00a0\u00bbmiddle\u00a0\u00bb anchor_wrap_section=\u00a0\u00bbno\u00a0\u00bb use_container=\u00a0\u00bbyes\u00a0\u00bb css=\u00a0\u00bb.vc_custom_1627136602813{background-color: #dd9933 !important;}\u00a0\u00bb][vc_column width=\u00a0\u00bb1\/2&Prime; css=\u00a0\u00bb.vc_custom_1626278374643{background: #faf7f3 url(https:\/\/bazan-lab.com\/Artestruz\/wp-content\/uploads\/2021\/07\/DSC00227-copia.jpg?id=826) !important;background-position: center !important;background-repeat: no-repeat !important;background-size: cover !important;}\u00a0\u00bb][vc_empty_space height=\u00a0\u00bb452px\u00a0\u00bb][\/vc_column][vc_column width=\u00a0\u00bb1\/2&Prime; css=\u00a0\u00bb.vc_custom_1626276912099{background-color: #faf7f3 !important;}\u00a0\u00bb][vc_column_text]<\/p>\n<p style=\"text-align: center;\"><strong><span style=\"font-size: 14pt;\">Boutique<\/span><\/strong><\/p>\n<p style=\"text-align: center;\">Artestruz est une ferme d&rsquo;accueil, mais c&rsquo;est aussi beaucoup plus. Notre exp\u00e9rience de vie nous a appris \u00e0 \u00eatre en contact avec diverses industries. Venez d\u00e9couvrir des produits artisanaux exotiques fabriqu\u00e9s \u00e0 Majorque.<\/p>\n<p>[\/vc_column_text][vc_btn title=\u00a0\u00bbApprenez \u00e0 la conna\u00eetre !\u00a0\u00bb style=\u00a0\u00bboutline\u00a0\u00bb color=\u00a0\u00bborange\u00a0\u00bb align=\u00a0\u00bbcenter\u00a0\u00bb link=\u00a0\u00bburl:https%3A%2F%2Fwww.artestruzmallorca.com%2Ffr%2Fboutique-artisanat-autruche-mallorca%2F|title:Eventos%20e%20incentivos\u00a0\u00bb][\/vc_column][\/vc_row][vc_row full_width=\u00a0\u00bbstretch_row\u00a0\u00bb equal_height=\u00a0\u00bbyes\u00a0\u00bb content_placement=\u00a0\u00bbmiddle\u00a0\u00bb anchor_wrap_section=\u00a0\u00bbno\u00a0\u00bb use_container=\u00a0\u00bbyes\u00a0\u00bb][vc_column width=\u00a0\u00bb1\/2&Prime; css=\u00a0\u00bb.vc_custom_1626276912099{background-color: #faf7f3 !important;}\u00a0\u00bb][vc_column_text]<\/p>\n<p style=\"text-align: center;\">Anniversaire<\/p>\n<p><strong>Rendez votre anniversaire inoubliable chez Artestruz<\/strong><\/p>\n<p>C\u00e9l\u00e9brez votre anniversaire d&rsquo;une mani\u00e8re unique et passionnante \u00e0 Artestruz, en pleine nature et en compagnie de nos charmantes autruches. Nous offrons une exp\u00e9rience m\u00e9morable aux personnes de tous \u00e2ges, garantissant des moments amusants et sp\u00e9ciaux qui dureront toute une vie.[\/vc_column_text][vc_btn title=\u00a0\u00bbPlus d&rsquo;informations\u00a0\u00bb style=\u00a0\u00bboutline\u00a0\u00bb color=\u00a0\u00bborange\u00a0\u00bb align=\u00a0\u00bbcenter\u00a0\u00bb link=\u00a0\u00bburl:https%3A%2F%2Fwww.artestruzmallorca.com%2Ffr%2Fcumples%2F|title:Anniversaire\u00a0\u00bb][\/vc_column][vc_column width=\u00a0\u00bb1\/2&Prime; css=\u00a0\u00bb.vc_custom_1717076302511{background: #faf7f3 url(https:\/\/www.artestruzmallorca.com\/wp-content\/uploads\/2023\/03\/WhatsApp-Image-2023-03-02-at-20.41.31-2.jpeg?id=6834) !important;background-position: center !important;background-repeat: no-repeat !important;background-size: cover !important;}\u00a0\u00bb][vc_empty_space height=\u00a0\u00bb452px\u00a0\u00bb][\/vc_column][\/vc_row][vc_row full_width=\u00a0\u00bbstretch_row\u00a0\u00bb equal_height=\u00a0\u00bbyes\u00a0\u00bb content_placement=\u00a0\u00bbmiddle\u00a0\u00bb anchor_wrap_section=\u00a0\u00bbno\u00a0\u00bb use_container=\u00a0\u00bbyes\u00a0\u00bb css=\u00a0\u00bb.vc_custom_1721748279626{background-color: #dd9933 !important;}\u00a0\u00bb el_id=\u00a0\u00bbsunset\u00a0\u00bb][vc_column width=\u00a0\u00bb1\/2&Prime; css=\u00a0\u00bb.vc_custom_1717076383016{background: #faf7f3 url(https:\/\/www.artestruzmallorca.com\/wp-content\/uploads\/2023\/03\/Sunset-Experience-Artestruz-02-1.jpg?id=7847) !important;background-position: center !important;background-repeat: no-repeat !important;background-size: cover !important;}\u00a0\u00bb][vc_empty_space height=\u00a0\u00bb452px\u00a0\u00bb][\/vc_column][vc_column width=\u00a0\u00bb1\/2&Prime; css=\u00a0\u00bb.vc_custom_1626276912099{background-color: #faf7f3 !important;}\u00a0\u00bb][vc_column_text]<\/p>\n<p style=\"text-align: center;\"><strong><span style=\"font-size: 14pt;\">Savannah Sunset<\/span><\/strong><\/p>\n<p style=\"text-align: center;\">Chaque mercredi, plongez dans une exp\u00e9rience unique et inoubliable en profitant de la majest\u00e9 d&rsquo;un coucher de soleil en compagnie de nos fascinantes autruches.<\/p>\n<p>[\/vc_column_text][vc_btn title=\u00a0\u00bbSunset\u00a0\u00bb style=\u00a0\u00bboutline\u00a0\u00bb color=\u00a0\u00bborange\u00a0\u00bb align=\u00a0\u00bbcenter\u00a0\u00bb link=\u00a0\u00bburl:https%3A%2F%2Fwww.artestruzmallorca.com%2Ffr%2Fsunset%2F|title:Sunset\u00a0\u00bb][vc_column_text]<\/p>\n<p style=\"text-align: center;\"><strong><span style=\"font-size: 14pt;\">Full Moon &amp; Sunset<\/span><\/strong><\/p>\n<p style=\"text-align: center;\">\u00c0 chaque pleine lune, nous vous invitons \u00e0 d\u00e9couvrir la magie du lever de pleine lune.<\/p>\n<p>[\/vc_column_text][vc_btn title=\u00a0\u00bbFull Moon\u00a0\u00bb style=\u00a0\u00bboutline\u00a0\u00bb color=\u00a0\u00bborange\u00a0\u00bb align=\u00a0\u00bbcenter\u00a0\u00bb link=\u00a0\u00bburl:https%3A%2F%2Fwww.artestruzmallorca.com%2Ffr%2Ffull-moon%2F|title:Full%20Moon\u00a0\u00bb][\/vc_column][\/vc_row][vc_row full_width=\u00a0\u00bbstretch_row\u00a0\u00bb equal_height=\u00a0\u00bbyes\u00a0\u00bb content_placement=\u00a0\u00bbmiddle\u00a0\u00bb anchor_wrap_section=\u00a0\u00bbno\u00a0\u00bb use_container=\u00a0\u00bbyes\u00a0\u00bb][vc_column width=\u00a0\u00bb1\/2&Prime; css=\u00a0\u00bb.vc_custom_1626276912099{background-color: #faf7f3 !important;}\u00a0\u00bb][vc_column_text]<\/p>\n<p style=\"text-align: center;\"><span style=\"font-size: 14pt;\"><strong>\u00c9v\u00e9nements et incitations<\/strong><\/span><\/p>\n<p style=\"text-align: center;\">La d\u00e9couverte d&rsquo;Artestruz est une activit\u00e9 tr\u00e8s int\u00e9ressante \u00e0 faire en groupe. Appr\u00e9ciez la nature, entrez en contact avec des animaux qui vous garantissent un moment de plaisir, et terminez par une exp\u00e9rience gastronomique originale et une visite de la boutique.<\/p>\n<p>[\/vc_column_text][vc_btn title=\u00a0\u00bbPlus d&rsquo;informations\u00a0\u00bb style=\u00a0\u00bboutline\u00a0\u00bb color=\u00a0\u00bborange\u00a0\u00bb align=\u00a0\u00bbcenter\u00a0\u00bb link=\u00a0\u00bburl:https%3A%2F%2Fwww.artestruzmallorca.com%2Ffr%2Fevenements-incitations%2F|title:Eventos%20e%20incentivos\u00a0\u00bb][\/vc_column][vc_column width=\u00a0\u00bb1\/2&Prime; css=\u00a0\u00bb.vc_custom_1626277676214{background: #faf7f3 url(https:\/\/bazan-lab.com\/Artestruz\/wp-content\/uploads\/2021\/05\/artestruz-mallorca-avestruz-familia-ostrich-entretenimiento-granja-actividades-baleares-1.jpg?id=622) !important;background-position: center !important;background-repeat: no-repeat !important;background-size: cover !important;}\u00a0\u00bb][vc_empty_space height=\u00a0\u00bb452px\u00a0\u00bb][\/vc_column][\/vc_row][vc_row full_width=\u00a0\u00bbstretch_row\u00a0\u00bb equal_height=\u00a0\u00bbyes\u00a0\u00bb content_placement=\u00a0\u00bbmiddle\u00a0\u00bb anchor_wrap_section=\u00a0\u00bbno\u00a0\u00bb use_container=\u00a0\u00bbyes\u00a0\u00bb css=\u00a0\u00bb.vc_custom_1627136602813{background-color: #dd9933 !important;}\u00a0\u00bb][vc_column width=\u00a0\u00bb1\/2&Prime; css=\u00a0\u00bb.vc_custom_1721295860163{background: #faf7f3 url(https:\/\/www.artestruzmallorca.com\/wp-content\/uploads\/2024\/07\/b-ustru-z-4.png?id=11587) !important;background-position: center !important;background-repeat: no-repeat !important;background-size: cover !important;}\u00a0\u00bb][vc_empty_space height=\u00a0\u00bb452px\u00a0\u00bb][\/vc_column][vc_column width=\u00a0\u00bb1\/2&Prime; css=\u00a0\u00bb.vc_custom_1626276912099{background-color: #faf7f3 !important;}\u00a0\u00bb][vc_column_text]<\/p>\n<p style=\"text-align: center;\"><strong>Transfert<\/strong><\/p>\n<p style=\"text-align: center;\"><strong>De Colonia de Sant Jordi<\/strong><\/p>\n<p style=\"text-align: center;\">Vous n&rsquo;avez pas un moyen de vous rendre \u00e0 Artestruz ? Ne vous inqui\u00e9tez pas, nous avons organis\u00e9 un transfert pour vous ! Si vous r\u00e9servez 48 heures \u00e0 l&rsquo;avance et que nous atteignons un minimum de 20 personnes, vous pourrez venir profiter de la compagnie de nos autruches sans vous soucier de suivre les indications sur Google Maps.<\/p>\n<p>[\/vc_column_text][vc_btn title=\u00a0\u00bbTransfer\u00a0\u00bb style=\u00a0\u00bboutline\u00a0\u00bb color=\u00a0\u00bborange\u00a0\u00bb align=\u00a0\u00bbcenter\u00a0\u00bb link=\u00a0\u00bburl:https%3A%2F%2Fwww.artestruzmallorca.com%2Ftransfer%2F|title:Sunset\u00a0\u00bb][\/vc_column][\/vc_row]<\/p>\n","protected":false},"excerpt":{"rendered":"<p>[vc_row motts_theme_padding=\u00a0\u00bbno\u00a0\u00bb css=\u00a0\u00bb.vc_custom_1629044687683{margin-right: 0px !important;margin-left: 0px !important;}\u00a0\u00bb][vc_column css=\u00a0\u00bb.vc_custom_1629044673704{padding-right: 0px !important;padding-left: 0px !important;}\u00a0\u00bb][ts_hero_slider hero_slider=\u00a0\u00bb47&Prime;][\/vc_column][\/vc_row][vc_row content_placement=\u00a0\u00bbmiddle\u00a0\u00bb motts_theme_padding=\u00a0\u00bbno\u00a0\u00bb use_container=\u00a0\u00bbyes\u00a0\u00bb css=\u00a0\u00bb.vc_custom_1603961915955{padding-top: 100px !important;}\u00a0\u00bb][vc_column offset=\u00a0\u00bbvc_col-md-6&Prime;][ts_side_content display_button=\u00a0\u00bbshow\u00a0\u00bb button_label=\u00a0\u00bbVISITA\u00a0\u00bb button_url=\u00a0\u00bbhttps:\/\/www.artestruzmallorca.com\/visitar-artestruz\/\u00a0\u00bb tagline=\u00a0\u00bbWelcome\u00a0\u00bb title=\u00a0\u00bbAgricultural seed market, whilst our farm traders\u00a0\u00bb description=\u00a0\u00bbWild flowers , plants and fungi are the life support for all our wildlife and their colour and character light up our landscapes. But [&hellip;]<\/p>\n","protected":false},"author":1,"featured_media":0,"parent":0,"menu_order":0,"comment_status":"closed","ping_status":"closed","template":"page-builder.php","meta":{"footnotes":""},"class_list":["post-3073","page","type-page","status-publish","hentry"],"_links":{"self":[{"href":"https:\/\/www.artestruzmallorca.com\/fr\/wp-json\/wp\/v2\/pages\/3073","targetHints":{"allow":["GET"]}}],"collection":[{"href":"https:\/\/www.artestruzmallorca.com\/fr\/wp-json\/wp\/v2\/pages"}],"about":[{"href":"https:\/\/www.artestruzmallorca.com\/fr\/wp-json\/wp\/v2\/types\/page"}],"author":[{"embeddable":true,"href":"https:\/\/www.artestruzmallorca.com\/fr\/wp-json\/wp\/v2\/users\/1"}],"replies":[{"embeddable":true,"href":"https:\/\/www.artestruzmallorca.com\/fr\/wp-json\/wp\/v2\/comments?post=3073"}],"version-history":[{"count":18,"href":"https:\/\/www.artestruzmallorca.com\/fr\/wp-json\/wp\/v2\/pages\/3073\/revisions"}],"predecessor-version":[{"id":11969,"href":"https:\/\/www.artestruzmallorca.com\/fr\/wp-json\/wp\/v2\/pages\/3073\/revisions\/11969"}],"wp:attachment":[{"href":"https:\/\/www.artestruzmallorca.com\/fr\/wp-json\/wp\/v2\/media?parent=3073"}],"curies":[{"name":"wp","href":"https:\/\/api.w.org\/{rel}","templated":true}]}}