{"id":2165,"date":"2021-07-02T17:54:08","date_gmt":"2021-07-02T17:54:08","guid":{"rendered":"https:\/\/bazan-lab.com\/Artestruz\/visitas-tour-guiado-artestruz\/"},"modified":"2026-04-21T10:12:16","modified_gmt":"2026-04-21T08:12:16","slug":"artestruz-besuch","status":"publish","type":"page","link":"https:\/\/www.artestruzmallorca.com\/de\/artestruz-besuch\/","title":{"rendered":"Artestruz Besuch"},"content":{"rendered":"<p>[vc_row gap=&#8220;5&#8243; content_placement=&#8220;middle&#8220; anchor_wrap_section=&#8220;no&#8220;][vc_column width=&#8220;1\/2&#8243;][vc_cta h2=&#8220;&#8220; txt_align=&#8220;center&#8220; style=&#8220;outline&#8220; color=&#8220;green&#8220; el_width=&#8220;xl&#8220;]<strong>Keine Reservierung erforderlich.<\/strong> Sie k\u00f6nnen Ihre Tickets an der Abendkasse kaufen. Aber wenn Sie es vorziehen:[\/vc_cta][vc_btn title=&#8220;Kaufen Sie Tickets&#8220; color=&#8220;green&#8220; align=&#8220;center&#8220; button_block=&#8220;true&#8220; link=&#8220;url:https%3A%2F%2Fwww.artestruzmallorca.com%2Fproducto%2Fentradas-artestruz%2F&#8220;][vc_cta h2=&#8220;&#8220; txt_align=&#8220;center&#8220; style=&#8220;outline&#8220; color=&#8220;green&#8220; el_width=&#8220;xl&#8220;]Typische Besuchsdauer: 60 Minuten<\/p>\n<p>Keine Reservierung erforderlich.<\/p>\n<p><strong>Allgemeiner Preis<\/strong><br \/>\nErwachsene &#8211; 19,50 \u20ac (ab 12 Jahren)<br \/>\nRentner &#8211; 18,50 \u20ac.<br \/>\nBehinderter Erwachsener &#8211; 18,50 \u20ac.<br \/>\nGro\u00dfe Familie Erwachsene &#8211; 18,50 \u20ac.<\/p>\n<p>Kinder &#8211; 10\u20ac (3 &#8211; 11 Jahre alt, beides inklusive)<br \/>\nKleine Behinderte &#8211; 9 \u20ac<br \/>\nGro\u00dfe Familie klein &#8211; 9 \u20ac.<\/p>\n<p><strong>Preis Anwohner<\/strong><br \/>\nErwachsene &#8211; 17 \u20ac (ab 12 Jahren)<br \/>\nRentner &#8211; 16 \u20ac.<br \/>\nBehinderter Erwachsener &#8211; 16 \u20ac<br \/>\nGro\u00dfe Familie Erwachsene &#8211; 16 \u20ac<\/p>\n<p>Kinder &#8211; 9 \u20ac (3 bis einschlie\u00dflich 11 Jahre alt)<br \/>\nKleine Behinderte &#8211; 8 \u20ac<br \/>\nGro\u00dfe Familie klein &#8211; 8 \u20ac.<\/p>\n<p>Bitte fragen Sie nach Gruppenpreisen und anderen Erm\u00e4\u00dfigungen.<\/p>\n<p>Kinder unter 3 Jahren frei.<\/p>\n<p class=\"opening-hours\">\r\n\t<span class=\"day-name\">Montag:<\/span> <span class=\"hours\">Closed<\/span><br>\n\t<span class=\"day-name\">Dienstag:<\/span> <span class=\"hours\">Closed<\/span><br>\n\t<span class=\"day-name\">Mittwoch:<\/span> <span class=\"hours\">11:00 \u2013 16:00<\/span><br>\n\t<span class=\"day-name\">Donnerstag:<\/span> <span class=\"hours\">11:00 \u2013 16:00<\/span><br>\n\t<span class=\"day-name\">Freitag:<\/span> <span class=\"hours\">11:00 \u2013 16:00<\/span><br>\n\t<span class=\"day-name\">Samstag:<\/span> <span class=\"hours\">11:00 \u2013 16:00<\/span><br>\n\t<span class=\"day-name\">Sonntag:<\/span> <span class=\"hours\">11:00 \u2013 16:00<\/span>\n<\/p>\r\n\n<p>Letzter Einlass 15:00 Uhr.<\/p>\n<p><strong>Donnerstag, 30. April 2026: F\u00fcr Schulbesuche geschlossen<\/strong>[\/vc_cta][vc_column_text]Strau\u00dfe sind faszinierende Tiere. Schnell, stark und mit einer langen Liste von Weltrekorden \u00fcberrascht dieser Vogel, wohin man auch schaut. Neben den technischen und sachlichen Details wollen wir Ihnen auch die andere Seite unserer Familie zeigen. Neugierig und verspielt, spitzb\u00fcbisch und elegant. Nicht umsonst haben sich viele Besucher in dieses Tier verliebt.<\/p>\n<p>Kommen Sie und lassen Sie sich von unserer Leidenschaft f\u00fcr diese Tiere anstecken. Wir m\u00f6chten mit Ihnen eine einzigartige Erfahrung, unsere Liebe und unsere Verbindung zu Strau\u00dfen teilen.<\/p>\n<p>Unsere Liebe zu den Strau\u00dfen ist unser ganzer Stolz. Wir haben einen gro\u00dfen Teil unseres Lebens diesen wunderbaren Tieren gewidmet, und wir haben vor, ihnen noch viel mehr zu widmen. Au\u00dferdem m\u00f6chten wir, dass Sie die M\u00f6glichkeit haben, mit ihnen in einem sicheren und respektvollen Umfeld zu interagieren.[\/vc_column_text][\/vc_column][vc_column width=&#8220;1\/2&#8243;][ts_side_slider details=&#8220;%5B%7B%22image%22%3A%22759%22%7D%2C%7B%22image%22%3A%22758%22%7D%2C%7B%22image%22%3A%22607%22%7D%2C%7B%22image%22%3A%22837%22%7D%5D&#8220;][vc_empty_space][\/vc_column][\/vc_row][vc_row][vc_column][\/vc_column][vc_column width=&#8220;1\/2&#8243;][ts_side_slider details=&#8220;%5B%7B%22image%22%3A%22684%22%7D%2C%7B%22image%22%3A%22605%22%7D%2C%7B%22image%22%3A%22638%22%7D%2C%7B%22image%22%3A%22642%22%7D%2C%7B%22image%22%3A%22646%22%7D%5D&#8220;][vc_empty_space][vc_column_text]<\/p>\n<p style=\"text-align: justify;\">M\u00f6chten Sie das Wetter noch mehr genie\u00dfen? Nehmen Sie einen <strong>Drink auf unserer Terrasse<\/strong>, w\u00e4hrend Sie ein ebenso unterhaltsames wie exotisches Naturschauspiel erleben.<\/p>\n<p>\ud83d\udd25 Neu! BBQ-Sonntage bei Artestruz \u2013 du bringst das Essen, wir machen das Feuer. Nur mit Reservierung.<br data-start=\"802\" data-end=\"805\" \/><a href=\"http:\/\/www.artestruzmallorca.com\/bbq\">\ud83d\udc49 <strong data-start=\"808\" data-end=\"847\">Hier klicken f\u00fcr mehr Informationen<\/strong><\/a>[\/vc_column_text][vc_btn title=&#8220;Komm in unsere Cafeteria!&#8220; style=&#8220;outline&#8220; color=&#8220;orange&#8220; size=&#8220;lg&#8220; align=&#8220;center&#8220; link=&#8220;url:https%3A%2F%2Fwww.artestruzmallorca.com%2Fde%2Fcafeteria|title:Komm%20in%20unsere%20Cafeteria!&#8220;][\/vc_column][vc_column width=&#8220;1\/2&#8243;][\/vc_column][\/vc_row]<\/p>\n","protected":false},"excerpt":{"rendered":"<p>[vc_row gap=&#8220;5&#8243; content_placement=&#8220;middle&#8220; anchor_wrap_section=&#8220;no&#8220;][vc_column width=&#8220;1\/2&#8243;][vc_cta h2=&#8220;&#8220; txt_align=&#8220;center&#8220; style=&#8220;outline&#8220; color=&#8220;green&#8220; el_width=&#8220;xl&#8220;]Keine Reservierung erforderlich. Sie k\u00f6nnen Ihre Tickets an der Abendkasse kaufen. Aber wenn Sie es vorziehen:[\/vc_cta][vc_btn title=&#8220;Kaufen Sie Tickets&#8220; color=&#8220;green&#8220; align=&#8220;center&#8220; button_block=&#8220;true&#8220; link=&#8220;url:https%3A%2F%2Fwww.artestruzmallorca.com%2Fproducto%2Fentradas-artestruz%2F&#8220;][vc_cta h2=&#8220;&#8220; txt_align=&#8220;center&#8220; style=&#8220;outline&#8220; color=&#8220;green&#8220; el_width=&#8220;xl&#8220;]Typische Besuchsdauer: 60 Minuten Keine Reservierung erforderlich. Allgemeiner Preis Erwachsene &#8211; 19,50 \u20ac (ab 12 Jahren) Rentner &#8211; 18,50 [&hellip;]<\/p>\n","protected":false},"author":2,"featured_media":0,"parent":0,"menu_order":0,"comment_status":"closed","ping_status":"closed","template":"","meta":{"footnotes":""},"class_list":["post-2165","page","type-page","status-publish","hentry"],"_links":{"self":[{"href":"https:\/\/www.artestruzmallorca.com\/de\/wp-json\/wp\/v2\/pages\/2165","targetHints":{"allow":["GET"]}}],"collection":[{"href":"https:\/\/www.artestruzmallorca.com\/de\/wp-json\/wp\/v2\/pages"}],"about":[{"href":"https:\/\/www.artestruzmallorca.com\/de\/wp-json\/wp\/v2\/types\/page"}],"author":[{"embeddable":true,"href":"https:\/\/www.artestruzmallorca.com\/de\/wp-json\/wp\/v2\/users\/2"}],"replies":[{"embeddable":true,"href":"https:\/\/www.artestruzmallorca.com\/de\/wp-json\/wp\/v2\/comments?post=2165"}],"version-history":[{"count":66,"href":"https:\/\/www.artestruzmallorca.com\/de\/wp-json\/wp\/v2\/pages\/2165\/revisions"}],"predecessor-version":[{"id":12877,"href":"https:\/\/www.artestruzmallorca.com\/de\/wp-json\/wp\/v2\/pages\/2165\/revisions\/12877"}],"wp:attachment":[{"href":"https:\/\/www.artestruzmallorca.com\/de\/wp-json\/wp\/v2\/media?parent=2165"}],"curies":[{"name":"wp","href":"https:\/\/api.w.org\/{rel}","templated":true}]}}