{"id":2210,"date":"2020-10-27T05:05:27","date_gmt":"2020-10-27T05:05:27","guid":{"rendered":"https:\/\/bazan-lab.com\/Artestruz\/sobre-granja-avestruz-mallorca\/"},"modified":"2025-06-26T13:52:57","modified_gmt":"2025-06-26T11:52:57","slug":"sobre-granja-estruc-mallorca","status":"publish","type":"page","link":"https:\/\/www.artestruzmallorca.com\/ca\/sobre-granja-estruc-mallorca\/","title":{"rendered":"Sobre Nosaltres"},"content":{"rendered":"<p>[vc_row section_background_color=&#8221;#fbf7f4&#8243; use_container=&#8221;yes&#8221; use_predefined_class=&#8221;yes&#8221; predefined_class=&#8221;bottom-white-space&#8221;][vc_column][vc_row_inner][vc_column_inner][ts_section_title color=&#8221;#81d742&#8243; tagline=&#8221;Grans canvis s\u00f3n grans esfor\u00e7os&#8221; title=&#8221;El nostre passat, el nostre present i el nostre futur&#8221;][\/vc_column_inner][\/vc_row_inner][vc_row_inner][vc_column_inner width=&#8221;1\/3&#8243;][ts_image_title_box image=&#8221;584&#8243; title=&#8221;Hist\u00f2ria&#8221; url=&#8221;#HISTORIA&#8221;][\/vc_column_inner][vc_column_inner width=&#8221;1\/3&#8243;][ts_image_title_box image=&#8221;636&#8243; title=&#8221;Prop\u00f2sit&#8221; url=&#8221;#PROPOSITO&#8221;][\/vc_column_inner][vc_column_inner width=&#8221;1\/3&#8243;][ts_image_title_box image=&#8221;1054&#8243; title=&#8221;Resultats&#8221; url=&#8221;#RESULTADOS&#8221;][\/vc_column_inner][\/vc_row_inner][\/vc_column][\/vc_row][vc_row use_container=&#8221;yes&#8221;][vc_column][vc_row_inner][vc_column_inner width=&#8221;1\/2&#8243;][ts_icon_box position=&#8221;left&#8221; icon=&#8221;106&#8243; description=&#8221;<\/p>\n<h6>Missi\u00f3<\/h6>\n<p>Com a empresa familiar amants dels estru\u00e7os, aspirem a apropar als nostres visitants a aquestes meravelloses criatures, creant respecte i honra, a m\u00e9s d&#8217;aportar el nostre granet de sorra per la nostra societat i entorn.&#8221;]<\/p>\n<h1><strong data-start=\"676\" data-end=\"686\">Missi\u00f3<\/strong><\/h1>\n<p>Com a empresa familiar amant dels estru\u00e7os, aspirem a apropar els nostres visitants a aquestes meravelloses criatures, creant respecte i honor, i aportant el nostre granet de sorra per a la societat i l\u2019entorn.[\/ts_icon_box][\/vc_column_inner][vc_column_inner width=&#8221;1\/2&#8243;][ts_icon_box position=&#8221;left&#8221; icon=&#8221;107&#8243; description=&#8221;<\/p>\n<h6>Visi\u00f3<\/h6>\n<p>Donar-los la millor vida possible als nostres estru\u00e7os, oferir una experi\u00e8ncia enriquidora als nostres visitants i treballadors, i en el proc\u00e9s fer que el nostre m\u00f3n sigui una mica millor del que va ser ahir.&#8221;]<\/p>\n<h1><strong data-start=\"901\" data-end=\"910\">Visi\u00f3<\/strong><\/h1>\n<p>Somiem amb un m\u00f3n on el respecte pels animals i l\u2019entorn formi part del dia a dia. A Artestruz, treballem per ser un referent en educaci\u00f3 emocional, connexi\u00f3 amb la natura i experi\u00e8ncies familiars transformadores.[\/ts_icon_box][\/vc_column_inner][\/vc_row_inner][\/vc_column][\/vc_row][vc_row content_placement=&#8221;middle&#8221; anchor_wrap_section=&#8221;no&#8221; use_container=&#8221;yes&#8221; el_id=&#8221;HISTORIA&#8221;][vc_column width=&#8221;1\/2&#8243;][ts_side_slider details=&#8221;%5B%7B%22image%22%3A%22830%22%7D%2C%7B%22image%22%3A%221022%22%7D%2C%7B%22image%22%3A%221021%22%7D%2C%7B%22image%22%3A%221028%22%7D%5D&#8221;][\/vc_column][vc_column width=&#8221;1\/2&#8243;][ts_section_title color=&#8221;#81d742&#8243; tagline=&#8221;Fina &amp; Uri un somni fa m\u00e9s de 20 anys&#8221; title=&#8221;De Sudr\u00e1fica a Mallorca&#8221;][vc_column_text]<\/p>\n<p style=\"text-align: justify;\">El somni de comen\u00e7ar una granja d&#8217;estru\u00e7os es va iniciar a la sabana sud-africana, observant una parella d&#8217;estru\u00e7os que passejaven tranquil\u00b7lament sota el calor\u00f3s sol austral. La seva bellesa, eleg\u00e0ncia i determinaci\u00f3 va inspirar a la parella d&#8217;aventurers, Fina i Uri, a somiar amb un futur diferent. Despr\u00e9s d&#8217;un robatori tr\u00e0gic, i una recuperaci\u00f3 miraculosa, la parella amb dos petits va recordar el somni que van tenir davant de dues aus majestuoses. Neix Artestruz.<\/p>\n<p>[\/vc_column_text][\/vc_column][\/vc_row][vc_row anchor_wrap_section=&#8221;no&#8221;][vc_column][vc_empty_space][\/vc_column][\/vc_row][vc_row anchor_wrap_section=&#8221;no&#8221; use_container=&#8221;yes&#8221; el_id=&#8221;PROPOSITO&#8221;][vc_column width=&#8221;1\/2&#8243;][ts_section_title color=&#8221;#81d742&#8243; tagline=&#8221;El nostre prop\u00f2sit i passi\u00f3 per les estru\u00e7os&#8221; title=&#8221;Tenim una clara missi\u00f3&#8221;][vc_column_text]La nostra passi\u00f3 ha estat inspirada per la nostra experi\u00e8ncia amb els nostres animals. Cadascun tan diferent com nosaltres mateixos, cada un amb el seu car\u00e0cter, la seva personalitat, la seva relaci\u00f3 amb nosaltres i els altres. La nostra missi\u00f3 \u00e9s senzilla, volem transmetre la nostra passi\u00f3 pels estru\u00e7os. Per\u00f2 no de qualsevol manera. Ho volem fer amb respecte i de manera enriquidora per als nostres estru\u00e7os, la nostra societat i el nostre entorn.[\/vc_column_text][\/vc_column][vc_column width=&#8221;1\/2&#8243;][ts_side_slider details=&#8221;%5B%7B%22image%22%3A%221027%22%7D%2C%7B%22image%22%3A%221026%22%7D%2C%7B%22image%22%3A%22847%22%7D%5D&#8221;][\/vc_column][\/vc_row][vc_row anchor_wrap_section=&#8221;no&#8221;][vc_column][vc_empty_space height=&#8221;52px&#8221;][\/vc_column][\/vc_row][vc_row section_background_color=&#8221;#009a4e&#8221; use_container=&#8221;yes&#8221;][vc_column offset=&#8221;vc_col-md-4&#8243;][ts_expert_box title=&#8221;Coneix als nostres experts&#8221; details=&#8221;%5B%7B%22image%22%3A%221026%22%2C%22name%22%3A%22Ohad%20Frans%20Loffler%22%2C%22expert%22%3A%22Gerent%22%2C%22social_icons%22%3A%22%3Cul%3E%5Cn%20%20%20%20%20%20%3Cli%3E%3Ca%20href%3D%5C%22%23%5C%22%3E%3Ci%20class%3D%5C%22lni%20lni-facebook-filled%5C%22%3E%3C%2Fi%3E%3C%2Fa%3E%3C%2Fli%3E%5Cn%20%20%20%20%20%20%3Cli%3E%3Ca%20href%3D%5C%22%23%5C%22%3E%3Ci%20class%3D%5C%22lni%20lni-twitter-original%5C%22%3E%3C%2Fi%3E%3C%2Fa%3E%3C%2Fli%3E%5Cn%20%20%20%20%20%20%3Cli%3E%3Ca%20href%3D%5C%22%23%5C%22%3E%3Ci%20class%3D%5C%22lni%20lni-instagram%5C%22%3E%3C%2Fi%3E%3C%2Fa%3E%3C%2Fli%3E%5Cn%20%20%20%20%20%20%3Cli%3E%3Ca%20href%3D%5C%22%23%5C%22%3E%3Ci%20class%3D%5C%22lni%20lni-youtube%5C%22%3E%3C%2Fi%3E%3C%2Fa%3E%3C%2Fli%3E%5Cn%20%20%20%20%20%20%3Cli%3E%3Ca%20href%3D%5C%22%23%5C%22%3E%3Ci%20class%3D%5C%22lni%20lni-pinterest%5C%22%3E%3C%2Fi%3E%3C%2Fa%3E%3C%2Fli%3E%5Cn%20%20%20%20%3C%2Ful%3E%22%7D%2C%7B%22image%22%3A%221027%22%2C%22name%22%3A%22Jonathan%20Jaim%20Loffler%22%2C%22expert%22%3A%22Gerent%22%2C%22social_icons%22%3A%22%3Cul%3E%5Cn%20%20%20%20%20%20%3Cli%3E%3Ca%20href%3D%5C%22%23%5C%22%3E%3Ci%20class%3D%5C%22lni%20lni-facebook-filled%5C%22%3E%3C%2Fi%3E%3C%2Fa%3E%3C%2Fli%3E%5Cn%20%20%20%20%20%20%3Cli%3E%3Ca%20href%3D%5C%22%23%5C%22%3E%3Ci%20class%3D%5C%22lni%20lni-twitter-original%5C%22%3E%3C%2Fi%3E%3C%2Fa%3E%3C%2Fli%3E%5Cn%20%20%20%20%20%20%3Cli%3E%3Ca%20href%3D%5C%22%23%5C%22%3E%3Ci%20class%3D%5C%22lni%20lni-instagram%5C%22%3E%3C%2Fi%3E%3C%2Fa%3E%3C%2Fli%3E%5Cn%20%20%20%20%20%20%3Cli%3E%3Ca%20href%3D%5C%22%23%5C%22%3E%3Ci%20class%3D%5C%22lni%20lni-youtube%5C%22%3E%3C%2Fi%3E%3C%2Fa%3E%3C%2Fli%3E%5Cn%20%20%20%20%20%20%3Cli%3E%3Ca%20href%3D%5C%22%23%5C%22%3E%3Ci%20class%3D%5C%22lni%20lni-pinterest%5C%22%3E%3C%2Fi%3E%3C%2Fa%3E%3C%2Fli%3E%5Cn%20%20%20%20%3C%2Ful%3E%22%7D%2C%7B%22image%22%3A%221052%22%2C%22name%22%3A%22Uri%20Loffler%22%2C%22expert%22%3A%22Cofundador%22%2C%22social_icons%22%3A%22%3Cul%3E%5Cn%20%20%20%20%20%20%3Cli%3E%3Ca%20href%3D%5C%22%23%5C%22%3E%3Ci%20class%3D%5C%22lni%20lni-facebook-filled%5C%22%3E%3C%2Fi%3E%3C%2Fa%3E%3C%2Fli%3E%5Cn%20%20%20%20%20%20%3Cli%3E%3Ca%20href%3D%5C%22%23%5C%22%3E%3Ci%20class%3D%5C%22lni%20lni-twitter-original%5C%22%3E%3C%2Fi%3E%3C%2Fa%3E%3C%2Fli%3E%5Cn%20%20%20%20%20%20%3Cli%3E%3Ca%20href%3D%5C%22%23%5C%22%3E%3Ci%20class%3D%5C%22lni%20lni-instagram%5C%22%3E%3C%2Fi%3E%3C%2Fa%3E%3C%2Fli%3E%5Cn%20%20%20%20%20%20%3Cli%3E%3Ca%20href%3D%5C%22%23%5C%22%3E%3Ci%20class%3D%5C%22lni%20lni-youtube%5C%22%3E%3C%2Fi%3E%3C%2Fa%3E%3C%2Fli%3E%5Cn%20%20%20%20%20%20%3Cli%3E%3Ca%20href%3D%5C%22%23%5C%22%3E%3Ci%20class%3D%5C%22lni%20lni-pinterest%5C%22%3E%3C%2Fi%3E%3C%2Fa%3E%3C%2Fli%3E%5Cn%20%20%20%20%3C%2Ful%3E%22%7D%2C%7B%22image%22%3A%221022%22%2C%22name%22%3A%22Josephine%20Desir%C3%A9e%20van%20Stokkum%22%2C%22expert%22%3A%22Cofundadora%22%2C%22social_icons%22%3A%22%3Cul%3E%5Cn%20%20%20%20%20%20%3Cli%3E%3Ca%20href%3D%5C%22%23%5C%22%3E%3Ci%20class%3D%5C%22lni%20lni-facebook-filled%5C%22%3E%3C%2Fi%3E%3C%2Fa%3E%3C%2Fli%3E%5Cn%20%20%20%20%20%20%3Cli%3E%3Ca%20href%3D%5C%22%23%5C%22%3E%3Ci%20class%3D%5C%22lni%20lni-twitter-original%5C%22%3E%3C%2Fi%3E%3C%2Fa%3E%3C%2Fli%3E%5Cn%20%20%20%20%20%20%3Cli%3E%3Ca%20href%3D%5C%22%23%5C%22%3E%3Ci%20class%3D%5C%22lni%20lni-instagram%5C%22%3E%3C%2Fi%3E%3C%2Fa%3E%3C%2Fli%3E%5Cn%20%20%20%20%20%20%3Cli%3E%3Ca%20href%3D%5C%22%23%5C%22%3E%3Ci%20class%3D%5C%22lni%20lni-youtube%5C%22%3E%3C%2Fi%3E%3C%2Fa%3E%3C%2Fli%3E%5Cn%20%20%20%20%20%20%3Cli%3E%3Ca%20href%3D%5C%22%23%5C%22%3E%3Ci%20class%3D%5C%22lni%20lni-pinterest%5C%22%3E%3C%2Fi%3E%3C%2Fa%3E%3C%2Fli%3E%5Cn%20%20%20%20%3C%2Ful%3E%22%7D%5D&#8221;][\/vc_column][vc_column offset=&#8221;vc_col-md-offset-1 vc_col-md-7&#8243;][ts_accordion title=&#8221;Preguntes Freq\u00fcentes&#8221; details=&#8221;%5B%7B%22title%22%3A%22%C2%BFQuins%20s%C3%B3n%20els%20productes%20nous%20que%20planegeu%20llan%C3%A7ar%3F%22%2C%22description%22%3A%22Amb%20el%20temps%20aspirem%20a%20ser%20un%20exemple%20de%20granja%20autosostenible%20on%20els%20productes%20i%20serveis%20oferts%20siguin%20locals%2C%20de%20qualitat%20i%20accessibles.%20Volem%20oferir%20als%20nostres%20visitants%20una%20experi%C3%A8ncia%20aut%C3%A8ntica%20i%20que%20a%20m%C3%A9s%20redueixi%20els%20danys%20derivats%20d&#8217;ind%C3%BAstries%20i%20agricultura.%5Cn%22%7D%2C%7B%22title%22%3A%22En%20qu%C3%A8%20sou%20diferents%3F%22%2C%22description%22%3A%22Coneixem%20als%20nostres%20estru%C3%A7os%20individualment%2C%20els%20tractem%20amb%20respecte%20i%20rebem%20el%20mateix%20a%20canvi.%20L&#8217;esfor%C3%A7%20%C3%A9s%20m%C3%A9s%20gran%2C%20per%C3%B2%20la%20recompensa%20tamb%C3%A9.%20El%20nostre%20format%20de%20negoci%20familiar%20ens%20permet%20presentar-vos%20als%20nostres%20estru%C3%A7os%20amb%20tota%20la%20nostra%20experi%C3%A8ncia%20de%20conviure%20amb%20ells%20des%20de%201998.%22%7D%2C%7B%22title%22%3A%22M&#8217;agradaria%20visitar%20per%C3%B2%20tinc%20por%20o%20f%C3%B2bia%20a%20les%20aus%2C%20qu%C3%A8%20faig%3F%22%2C%22description%22%3A%22Han%20estat%20molts%20els%20casos%20de%20persones%20que%20entren%20amb%20por%2C%20terroritzades%2C%20o%20amb%20una%20f%C3%B2bia%20als%20animals%20amb%20ploma%2C%20o%20de%20potes%20escatades.%20En%20la%20gran%20majoria%20de%20casos%2C%20aquestes%20persones%20han%20aconseguit%20acariciar%20un%20estru%C3%A7%20en%20la%20seva%20visita.%20No%20sempre%20%C3%A9s%20possible%2C%20per%C3%B2%20si%20tenim%20el%20temps%20i%20vost%C3%A8s%20tenen%20ganes%20de%20superar-se%2C%20farem%20el%20possible%20per%20ajudar.%5Cn%22%7D%2C%7B%22title%22%3A%22%C2%BFEl%20gust%20de%20l&#8217;ou%20d&#8217;estru%C3%A7%20%C3%A9s%20semblant%20a%20el%20de%20gallina%3F%22%2C%22description%22%3A%22Pel%20que%20fa%20a%20gust%20si%20s%C3%B3n%20molt%20semblants.%20La%20textura%20%C3%A9s%20on%20difereixen.%20L&#8217;ou%20d&#8217;estru%C3%A7%20t%C3%A9%20un%20rovell%20m%C3%A9s%20cremosa%20i%20una%20clara%20m%C3%A9s%20densa.%20A%20qui%20li%20agrada%20l&#8217;ou%2C%20li%20sol%20agradar%20l&#8217;ou%20d&#8217;estru%C3%A7.%20Per%C3%B2%20ja%20se%20sap%2C%20per%20a%20gustos%2C%20colors!%20En%20qualsevol%20cas%2C%20%C3%A9s%20una%20experi%C3%A8ncia%20inoblidable%20cuinar%20i%20menjar%20un%20ou%20gegant!%5Cn%22%7D%5D&#8221;][\/vc_column][\/vc_row][vc_row motts_theme_padding=&#8221;no&#8221; use_container=&#8221;yes&#8221; css=&#8221;.vc_custom_1621351735133{margin-right: 0px !important;margin-left: 0px !important;}&#8221; el_id=&#8221;RESULTADOS&#8221;][vc_column css=&#8221;.vc_custom_1603890418265{padding-right: 0px !important;padding-left: 0px !important;}&#8221;][vc_empty_space height=&#8221;70px&#8221;][ts_section_title color=&#8221;#81d742&#8243; title=&#8221;Excel\u00b7lents ressenyes a Google i Tripadvisor&#8221;][ts_testimonial_slider hero_slider=&#8221;47&#8243;][vc_empty_space height=&#8221;70px&#8221;][\/vc_column][\/vc_row][vc_row full_width=&#8221;stretch_row&#8221; gap=&#8221;10&#8243; anchor_wrap_section=&#8221;no&#8221; css=&#8221;.vc_custom_1626289703697{margin-right: 0px !important;margin-left: 0px !important;background-color: #faf7f3 !important;}&#8221;][vc_column css=&#8221;.vc_custom_1603890418265{padding-right: 0px !important;padding-left: 0px !important;}&#8221;][vc_column_text]\t\t<div id=\"sbi_mod_error\" >\n\t\t\t<span>This error message is only visible to WordPress admins<\/span><br\/>\n\t\t\t<p><strong>Error: No feed found.<\/strong>\n\t\t\t<p>Please go to the Instagram Feed settings page to create a feed.<\/p>\n\t\t<\/div>\n\t\t[\/vc_column_text][vc_empty_space][\/vc_column][\/vc_row]<\/p>\n","protected":false},"excerpt":{"rendered":"<p>[vc_row section_background_color=&#8221;#fbf7f4&#8243; use_container=&#8221;yes&#8221; use_predefined_class=&#8221;yes&#8221; predefined_class=&#8221;bottom-white-space&#8221;][vc_column][vc_row_inner][vc_column_inner][ts_section_title color=&#8221;#81d742&#8243; tagline=&#8221;Grans canvis s\u00f3n grans esfor\u00e7os&#8221; title=&#8221;El nostre passat, el nostre present i el nostre futur&#8221;][\/vc_column_inner][\/vc_row_inner][vc_row_inner][vc_column_inner width=&#8221;1\/3&#8243;][ts_image_title_box image=&#8221;584&#8243; title=&#8221;Hist\u00f2ria&#8221; url=&#8221;#HISTORIA&#8221;][\/vc_column_inner][vc_column_inner width=&#8221;1\/3&#8243;][ts_image_title_box image=&#8221;636&#8243; title=&#8221;Prop\u00f2sit&#8221; url=&#8221;#PROPOSITO&#8221;][\/vc_column_inner][vc_column_inner width=&#8221;1\/3&#8243;][ts_image_title_box image=&#8221;1054&#8243; title=&#8221;Resultats&#8221; url=&#8221;#RESULTADOS&#8221;][\/vc_column_inner][\/vc_row_inner][\/vc_column][\/vc_row][vc_row use_container=&#8221;yes&#8221;][vc_column][vc_row_inner][vc_column_inner width=&#8221;1\/2&#8243;][ts_icon_box position=&#8221;left&#8221; icon=&#8221;106&#8243; description=&#8221; Missi\u00f3 Com a empresa familiar amants dels estru\u00e7os, aspirem a apropar als nostres visitants a aquestes meravelloses [&hellip;]<\/p>\n","protected":false},"author":1,"featured_media":0,"parent":0,"menu_order":0,"comment_status":"closed","ping_status":"closed","template":"page-builder.php","meta":{"footnotes":""},"class_list":["post-2210","page","type-page","status-publish","hentry"],"_links":{"self":[{"href":"https:\/\/www.artestruzmallorca.com\/ca\/wp-json\/wp\/v2\/pages\/2210","targetHints":{"allow":["GET"]}}],"collection":[{"href":"https:\/\/www.artestruzmallorca.com\/ca\/wp-json\/wp\/v2\/pages"}],"about":[{"href":"https:\/\/www.artestruzmallorca.com\/ca\/wp-json\/wp\/v2\/types\/page"}],"author":[{"embeddable":true,"href":"https:\/\/www.artestruzmallorca.com\/ca\/wp-json\/wp\/v2\/users\/1"}],"replies":[{"embeddable":true,"href":"https:\/\/www.artestruzmallorca.com\/ca\/wp-json\/wp\/v2\/comments?post=2210"}],"version-history":[{"count":4,"href":"https:\/\/www.artestruzmallorca.com\/ca\/wp-json\/wp\/v2\/pages\/2210\/revisions"}],"predecessor-version":[{"id":12055,"href":"https:\/\/www.artestruzmallorca.com\/ca\/wp-json\/wp\/v2\/pages\/2210\/revisions\/12055"}],"wp:attachment":[{"href":"https:\/\/www.artestruzmallorca.com\/ca\/wp-json\/wp\/v2\/media?parent=2210"}],"curies":[{"name":"wp","href":"https:\/\/api.w.org\/{rel}","templated":true}]}}