{"id":12237,"date":"2025-09-20T11:59:13","date_gmt":"2025-09-20T09:59:13","guid":{"rendered":"https:\/\/www.artestruzmallorca.com\/coles\/"},"modified":"2026-03-12T09:34:09","modified_gmt":"2026-03-12T08:34:09","slug":"coles","status":"publish","type":"page","link":"https:\/\/www.artestruzmallorca.com\/ca\/coles\/","title":{"rendered":"\ud83d\udc23 Oferta educativa"},"content":{"rendered":"<p>[vc_row][vc_column][vc_column_text]<\/p>\n<h3 data-start=\"248\" data-end=\"306\">Oferta educativa per a escoles infantils i col\u00b7legis<\/h3>\n<p data-start=\"307\" data-end=\"737\">A Artestruz oferim una experi\u00e8ncia educativa inoblidable per als m\u00e9s petits. A trav\u00e9s del contacte directe amb els estru\u00e7os i activitats adaptades a cada edat, els infants aprenen, s\u2019ho passen b\u00e9 i descobreixen dades incre\u00efbles sobre aquestes aus gegants.<br data-start=\"562\" data-end=\"565\" \/>El programa inclou xerrada educativa, alimentaci\u00f3 d\u2019estru\u00e7os, temps per pintar i opci\u00f3 de taller. Ens adaptem a les necessitats del grup i parlam catal\u00e0, castell\u00e0 o angl\u00e8s.<\/p>\n<p><strong><img loading=\"lazy\" decoding=\"async\" class=\"alignnone wp-image-12231 size-full\" src=\"https:\/\/www.artestruzmallorca.com\/wp-content\/uploads\/2025\/09\/coles-alimentando-avestruces.png\" alt=\"\" width=\"600\" height=\"400\" srcset=\"https:\/\/www.artestruzmallorca.com\/wp-content\/uploads\/2025\/09\/coles-alimentando-avestruces.png 600w, https:\/\/www.artestruzmallorca.com\/wp-content\/uploads\/2025\/09\/coles-alimentando-avestruces-300x200.png 300w\" sizes=\"auto, (max-width: 600px) 100vw, 600px\" \/><br \/>\n<\/strong><em>Una aventura divertida i educativa per als m\u00e9s petits<\/em><\/p>\n<p data-start=\"798\" data-end=\"822\">\u23f0 <strong data-start=\"800\" data-end=\"822\">Horari orientatiu:<\/strong><\/p>\n<div class=\"_tableContainer_1rjym_1\">\n<div class=\"group _tableWrapper_1rjym_13 flex w-fit flex-col-reverse\" tabindex=\"-1\">\n<table class=\"w-fit min-w-(--thread-content-width)\" data-start=\"824\" data-end=\"1327\">\n<thead data-start=\"824\" data-end=\"846\">\n<tr data-start=\"824\" data-end=\"846\">\n<th data-start=\"824\" data-end=\"833\" data-col-size=\"sm\">Hora<\/th>\n<th data-start=\"833\" data-end=\"846\" data-col-size=\"md\">Activitat<\/th>\n<\/tr>\n<\/thead>\n<tbody data-start=\"870\" data-end=\"1327\">\n<tr data-start=\"870\" data-end=\"907\">\n<td data-start=\"870\" data-end=\"879\" data-col-size=\"sm\">10:00<\/td>\n<td data-start=\"879\" data-end=\"907\" data-col-size=\"md\">\ud83d\udc4b Recepci\u00f3 i benvinguda<\/td>\n<\/tr>\n<tr data-start=\"908\" data-end=\"962\">\n<td data-start=\"908\" data-end=\"917\" data-col-size=\"sm\">10:20<\/td>\n<td data-start=\"917\" data-end=\"962\" data-col-size=\"md\">\ud83e\uddc3 Esmorzar <em data-start=\"931\" data-end=\"960\">(no incl\u00f2s, portar de casa)<\/em><\/td>\n<\/tr>\n<tr data-start=\"963\" data-end=\"1041\">\n<td data-start=\"963\" data-end=\"972\" data-col-size=\"sm\">11:00<\/td>\n<td data-start=\"972\" data-end=\"1041\" data-col-size=\"md\">\ud83d\udcda Xerrada educativa: aprenem dades incre\u00efbles sobre els estru\u00e7os<\/td>\n<\/tr>\n<tr data-start=\"1042\" data-end=\"1083\">\n<td data-start=\"1042\" data-end=\"1051\" data-col-size=\"sm\">11:30<\/td>\n<td data-start=\"1051\" data-end=\"1083\" data-col-size=\"md\">\ud83e\udda4 Alimentam els estru\u00e7os \ud83e\udd6c<\/td>\n<\/tr>\n<tr data-start=\"1084\" data-end=\"1142\">\n<td data-start=\"1084\" data-end=\"1093\" data-col-size=\"sm\">12:00<\/td>\n<td data-start=\"1093\" data-end=\"1142\" data-col-size=\"md\">\ud83d\udcf8 Moment fotos per dur-se un record divertit<\/td>\n<\/tr>\n<tr data-start=\"1143\" data-end=\"1241\">\n<td data-start=\"1143\" data-end=\"1152\" data-col-size=\"sm\">12:30<\/td>\n<td data-start=\"1152\" data-end=\"1241\" data-col-size=\"md\">\ud83c\udfa8 Activitat creativa: pintam dibuixos d\u2019estru\u00e7os <em data-start=\"1204\" data-end=\"1239\">(portar llapis de colors o ceres)<\/em><\/td>\n<\/tr>\n<tr data-start=\"1242\" data-end=\"1327\">\n<td data-start=\"1242\" data-end=\"1251\" data-col-size=\"sm\">13:00<\/td>\n<td data-start=\"1251\" data-end=\"1327\" data-col-size=\"md\">\ud83c\udf7d\ufe0f Dinar <em data-start=\"1263\" data-end=\"1325\">(no incl\u00f2s, portar de casa o picnic organitzat per l\u2019escola)<\/em><\/td>\n<\/tr>\n<\/tbody>\n<\/table>\n<\/div>\n<\/div>\n<p data-start=\"1329\" data-end=\"1350\">\ud83d\udcda <strong data-start=\"1332\" data-end=\"1350\">Qu\u00e8 aprendran?<\/strong><\/p>\n<p data-start=\"1352\" data-end=\"1412\">La xerrada est\u00e0 adaptada especialment a educaci\u00f3 infantil:<\/p>\n<ul data-start=\"1413\" data-end=\"1570\">\n<li data-start=\"1413\" data-end=\"1450\">\n<p data-start=\"1415\" data-end=\"1450\">Relaci\u00f3 entre aus i dinosaures \ud83e\udd95<\/p>\n<\/li>\n<li data-start=\"1451\" data-end=\"1496\">\n<p data-start=\"1453\" data-end=\"1496\">Habilitats curioses dels estru\u00e7os \ud83c\udfc3\u200d\u2642\ufe0f\ud83d\udca8<\/p>\n<\/li>\n<li data-start=\"1497\" data-end=\"1570\">\n<p data-start=\"1499\" data-end=\"1570\">Caracter\u00edstiques \u00faniques com la mida de l\u2019ou o els seus grans ulls \ud83d\udc40<\/p>\n<\/li>\n<\/ul>\n<p data-start=\"1572\" data-end=\"1658\">\ud83e\udde0 <em data-start=\"1575\" data-end=\"1658\">Ens adaptem al nivell de l\u2019alumnat i a les necessitats espec\u00edfiques de cada grup.<\/em><\/p>\n<p><strong><img loading=\"lazy\" decoding=\"async\" class=\"alignnone wp-image-12230 size-full\" src=\"https:\/\/www.artestruzmallorca.com\/wp-content\/uploads\/2025\/09\/coles-explicacion-artestruz.png\" alt=\"\" width=\"600\" height=\"400\" srcset=\"https:\/\/www.artestruzmallorca.com\/wp-content\/uploads\/2025\/09\/coles-explicacion-artestruz.png 600w, https:\/\/www.artestruzmallorca.com\/wp-content\/uploads\/2025\/09\/coles-explicacion-artestruz-300x200.png 300w\" sizes=\"auto, (max-width: 600px) 100vw, 600px\" \/><\/strong><\/p>\n<p data-start=\"1660\" data-end=\"1904\">\ud83d\udc68\u200d\ud83d\udc69\u200d\ud83d\udc67\u200d\ud83d\udc66 <strong data-start=\"1672\" data-end=\"1695\">Informaci\u00f3 pr\u00e0ctica<\/strong><br data-start=\"1695\" data-end=\"1698\" \/>\ud83d\udde3\ufe0f Idiomes disponibles: catal\u00e0, castell\u00e0 o angl\u00e8s<br data-start=\"1748\" data-end=\"1751\" \/>\ud83e\uddd1\u200d\ud83e\udd1d\u200d\ud83e\uddd1 Capacitat del grup: m\u00ednim 20 alumnes, m\u00e0xim 70 alumnes<br data-start=\"1814\" data-end=\"1817\" \/>\ud83d\udd5d Estada a la granja fins a les 14:30 h, sota la supervisi\u00f3 dels monitors de l\u2019escola.<\/p>\n<p data-start=\"1906\" data-end=\"1966\">\ud83d\udcb6 <strong data-start=\"1909\" data-end=\"1918\">Preus<\/strong><br data-start=\"1918\" data-end=\"1921\" \/>9\u202f\u20ac per nin\/a<br data-start=\"1934\" data-end=\"1937\" \/>Professors i monitors: GRATIS<\/p>\n<h3><strong style=\"font-size: 16px;\"><img loading=\"lazy\" decoding=\"async\" class=\"alignnone wp-image-12234 size-full\" src=\"https:\/\/www.artestruzmallorca.com\/wp-content\/uploads\/2025\/09\/coles-tiempo-libre-artestruz.png\" alt=\"\" width=\"600\" height=\"600\" srcset=\"https:\/\/www.artestruzmallorca.com\/wp-content\/uploads\/2025\/09\/coles-tiempo-libre-artestruz.png 600w, https:\/\/www.artestruzmallorca.com\/wp-content\/uploads\/2025\/09\/coles-tiempo-libre-artestruz-300x300.png 300w, https:\/\/www.artestruzmallorca.com\/wp-content\/uploads\/2025\/09\/coles-tiempo-libre-artestruz-150x150.png 150w, https:\/\/www.artestruzmallorca.com\/wp-content\/uploads\/2025\/09\/coles-tiempo-libre-artestruz-100x100.png 100w\" sizes=\"auto, (max-width: 600px) 100vw, 600px\" \/><\/strong><\/h3>\n<p><strong data-start=\"1971\" data-end=\"1993\">Activitat opcional<\/strong><br data-start=\"1993\" data-end=\"1996\" \/>Consultar taller opcional[\/vc_column_text][\/vc_column][\/vc_row][vc_row][vc_column]\n<div class=\"wpcf7 no-js\" id=\"wpcf7-f2515-o1\" lang=\"ca\" dir=\"ltr\">\n<div class=\"screen-reader-response\"><p role=\"status\" aria-live=\"polite\" aria-atomic=\"true\"><\/p> <ul><\/ul><\/div>\n<form action=\"\/ca\/wp-json\/wp\/v2\/pages\/12237#wpcf7-f2515-o1\" method=\"post\" class=\"wpcf7-form init\" aria-label=\"Formulari de contacte\" novalidate=\"novalidate\" data-status=\"init\">\n<div style=\"display: none;\">\n<input type=\"hidden\" name=\"_wpcf7\" value=\"2515\" \/>\n<input type=\"hidden\" name=\"_wpcf7_version\" value=\"5.9.3\" \/>\n<input type=\"hidden\" name=\"_wpcf7_locale\" value=\"ca\" \/>\n<input type=\"hidden\" name=\"_wpcf7_unit_tag\" value=\"wpcf7-f2515-o1\" \/>\n<input type=\"hidden\" name=\"_wpcf7_container_post\" value=\"0\" \/>\n<input type=\"hidden\" name=\"_wpcf7_posted_data_hash\" value=\"\" \/>\n<\/div>\n<p><label> Nombre Completo<br \/>\n<span class=\"wpcf7-form-control-wrap\" data-name=\"your-name\"><input size=\"40\" class=\"wpcf7-form-control wpcf7-text wpcf7-validates-as-required\" aria-required=\"true\" aria-invalid=\"false\" value=\"\" type=\"text\" name=\"your-name\" \/><\/span> <\/label>\n<\/p>\n<p><label> e-mail<br \/>\n<span class=\"wpcf7-form-control-wrap\" data-name=\"your-email\"><input size=\"40\" class=\"wpcf7-form-control wpcf7-email wpcf7-validates-as-required wpcf7-text wpcf7-validates-as-email\" aria-required=\"true\" aria-invalid=\"false\" value=\"\" type=\"email\" name=\"your-email\" \/><\/span> <\/label>\n<\/p>\n<p><label> Asunto<br \/>\n<span class=\"wpcf7-form-control-wrap\" data-name=\"your-subject\"><input size=\"40\" class=\"wpcf7-form-control wpcf7-text wpcf7-validates-as-required\" aria-required=\"true\" aria-invalid=\"false\" value=\"\" type=\"text\" name=\"your-subject\" \/><\/span> <\/label>\n<\/p>\n<p><label> Mensaje<br \/>\n<span class=\"wpcf7-form-control-wrap\" data-name=\"your-message\"><textarea cols=\"40\" rows=\"10\" class=\"wpcf7-form-control wpcf7-textarea\" aria-invalid=\"false\" name=\"your-message\"><\/textarea><\/span> <\/label>\n<\/p>\n<p><input class=\"wpcf7-form-control wpcf7-submit has-spinner\" type=\"submit\" value=\"ENVIAR\" \/>\n<\/p><div class=\"wpcf7-response-output\" aria-hidden=\"true\"><\/div>\n<\/form>\n<\/div>\n[\/vc_column][\/vc_row]<\/p>\n","protected":false},"excerpt":{"rendered":"<p>[vc_row][vc_column][vc_column_text] Oferta educativa per a escoles infantils i col\u00b7legis A Artestruz oferim una experi\u00e8ncia educativa inoblidable per als m\u00e9s petits. A trav\u00e9s del contacte directe amb els estru\u00e7os i activitats adaptades a cada edat, els infants aprenen, s\u2019ho passen b\u00e9 i descobreixen dades incre\u00efbles sobre aquestes aus gegants.El programa inclou xerrada educativa, alimentaci\u00f3 d\u2019estru\u00e7os, temps [&hellip;]<\/p>\n","protected":false},"author":2,"featured_media":0,"parent":0,"menu_order":0,"comment_status":"closed","ping_status":"closed","template":"","meta":{"footnotes":""},"class_list":["post-12237","page","type-page","status-publish","hentry"],"_links":{"self":[{"href":"https:\/\/www.artestruzmallorca.com\/ca\/wp-json\/wp\/v2\/pages\/12237","targetHints":{"allow":["GET"]}}],"collection":[{"href":"https:\/\/www.artestruzmallorca.com\/ca\/wp-json\/wp\/v2\/pages"}],"about":[{"href":"https:\/\/www.artestruzmallorca.com\/ca\/wp-json\/wp\/v2\/types\/page"}],"author":[{"embeddable":true,"href":"https:\/\/www.artestruzmallorca.com\/ca\/wp-json\/wp\/v2\/users\/2"}],"replies":[{"embeddable":true,"href":"https:\/\/www.artestruzmallorca.com\/ca\/wp-json\/wp\/v2\/comments?post=12237"}],"version-history":[{"count":9,"href":"https:\/\/www.artestruzmallorca.com\/ca\/wp-json\/wp\/v2\/pages\/12237\/revisions"}],"predecessor-version":[{"id":12613,"href":"https:\/\/www.artestruzmallorca.com\/ca\/wp-json\/wp\/v2\/pages\/12237\/revisions\/12613"}],"wp:attachment":[{"href":"https:\/\/www.artestruzmallorca.com\/ca\/wp-json\/wp\/v2\/media?parent=12237"}],"curies":[{"name":"wp","href":"https:\/\/api.w.org\/{rel}","templated":true}]}}