{"id":11798,"date":"2024-09-22T13:37:38","date_gmt":"2024-09-22T11:37:38","guid":{"rendered":"https:\/\/www.artestruzmallorca.com\/compromiso\/"},"modified":"2024-09-22T18:02:52","modified_gmt":"2024-09-22T16:02:52","slug":"compromis","status":"publish","type":"page","link":"https:\/\/www.artestruzmallorca.com\/ca\/compromis\/","title":{"rendered":"Comprom\u00eds"},"content":{"rendered":"<p><strong>A Artestruz tenim un triple comprom\u00eds: social, ambiental i econ\u00f2mic.<\/strong><\/p>\n<p><span style=\"font-size: 14pt;\"><strong>SOCIAL, perqu\u00e8 creiem que una empresa \u00e9s m\u00e9s que una m\u00e0quina de fer diners: \u00e9s part del teixit de la nostra societat. Si cada empresa contribueix, encara que sigui una mica, el m\u00f3n ser\u00e0 un lloc molt diferent.<\/strong><\/span><\/p>\n<p>El nostre comprom\u00eds \u00e9s que, cada mes, almenys una ONG tingui el dret d&#8217;accedir gratu\u00eftament al nostre espai. Per fer-ho, demanem que ens envi\u00efn els credencials que confirmin que s\u00f3n una organitzaci\u00f3 sense \u00e0nim de lucre, i nosaltres aportarem el nostre espai perqu\u00e8 els usuaris d&#8217;aquesta organitzaci\u00f3 puguin gaudir del camp, de les nostres instal\u00b7lacions i, \u00f2bviament, de la companyia dels estru\u00e7os, tot sense cap cost. Hem treballat MOLT dur per crear aquest espai, i estem molt orgullosos de poder compartir-lo amb aquells que m\u00e9s ho necessiten!<\/p>\n<p><strong><span style=\"font-size: 14pt;\">AMBIENTAL, perqu\u00e8 el m\u00f3n \u00e9s un lloc preci\u00f3s, i volem que segueixi sent-ho. Reconeixem la dificultat d&#8217;actuar de manera responsable al segle XXI, amb totes les pressions econ\u00f2miques, burocr\u00e0tiques, pol\u00edtiques, etc. No obstant aix\u00f2, tamb\u00e9 entenem que els nostres ecosistemes s\u00f3n fr\u00e0gils per\u00f2 resilients. Volem participar en l&#8217;onada de consci\u00e8ncia que pren passos cap a un futur m\u00e9s equilibrat.<\/span><\/strong><\/p>\n<p>El nostre comprom\u00eds \u00e9s utilitzar tots els mitjans possibles per reduir el nostre impacte ambiental i promoure la sostenibilitat. Ens esforcem per:<\/p>\n<ul>\n<li>Minimitzar l&#8217;\u00fas de pl\u00e0stics i residus no reciclables.<\/li>\n<li>Col\u00b7laborar amb prove\u00efdors locals i sostenibles per reduir la nostra petjada de carboni.<\/li>\n<li>Fomentar el reciclatge i la reutilitzaci\u00f3 dins de les nostres instal\u00b7lacions.<\/li>\n<li>Educar els nostres visitants sobre la import\u00e0ncia de la conservaci\u00f3 i el respecte pel medi ambient.<\/li>\n<li>Desenvolupar projectes que impulsin l&#8217;efici\u00e8ncia energ\u00e8tica i l&#8217;\u00fas responsable dels recursos naturals, com l&#8217;aigua i l&#8217;energia.<\/li>\n<\/ul>\n<p><span style=\"font-size: 14pt;\"><strong>ECON\u00d2MIC, perqu\u00e8 si fallem com a empresa, Artestruz desapareix. Gaudim molt dels reptes de sobreviure, cr\u00e9ixer i prosperar. Mantenir l&#8217;equilibri entre el creixement i evitar la massificaci\u00f3 no \u00e9s f\u00e0cil, per\u00f2 creiem que amb els valors adequats, un sistema \u00e0gil de presa de decisions i un comprom\u00eds ferm amb la nostra fam\u00edlia (que inclou els estru\u00e7os, \u00e9s clar) i els nostres clients, sempre aspirarem a mantenir aquest equilibri.<\/strong><\/span><\/p>\n<p>El nostre comprom\u00eds \u00e9s assegurar-nos que, a mesura que creixem com a empresa, no perdem els nostres valors. Ens comprometem a:<\/p>\n<ul>\n<li>Mantenir una gesti\u00f3 financera responsable, que ens permeti invertir cont\u00ednuament en millores sense comprometre la nostra missi\u00f3 ni la qualitat dels nostres serveis.<\/li>\n<li>Reinvertir en la nostra comunitat i en el nostre entorn, recolzant iniciatives locals i projectes que promoguin un impacte positiu.<\/li>\n<li>Oferir experi\u00e8ncies aut\u00e8ntiques i personalitzades als nostres visitants, prioritzant la qualitat sobre la quantitat i evitant la massificaci\u00f3 que pugui comprometre l&#8217;experi\u00e8ncia dels nostres clients i el benestar dels nostres estru\u00e7os.<\/li>\n<li>Innovar i adaptar-nos constantment per seguir sent una empresa sostenible, sense perdre l&#8217;ess\u00e8ncia i els principis que ens han portat fins aqu\u00ed.<\/li>\n<\/ul>\n","protected":false},"excerpt":{"rendered":"<p>A Artestruz tenim un triple comprom\u00eds: social, ambiental i econ\u00f2mic. SOCIAL, perqu\u00e8 creiem que una empresa \u00e9s m\u00e9s que una m\u00e0quina de fer diners: \u00e9s part del teixit de la nostra societat. Si cada empresa contribueix, encara que sigui una mica, el m\u00f3n ser\u00e0 un lloc molt diferent. El nostre comprom\u00eds \u00e9s que, cada mes, [&hellip;]<\/p>\n","protected":false},"author":2,"featured_media":0,"parent":0,"menu_order":0,"comment_status":"closed","ping_status":"closed","template":"","meta":{"footnotes":""},"class_list":["post-11798","page","type-page","status-publish","hentry"],"_links":{"self":[{"href":"https:\/\/www.artestruzmallorca.com\/ca\/wp-json\/wp\/v2\/pages\/11798","targetHints":{"allow":["GET"]}}],"collection":[{"href":"https:\/\/www.artestruzmallorca.com\/ca\/wp-json\/wp\/v2\/pages"}],"about":[{"href":"https:\/\/www.artestruzmallorca.com\/ca\/wp-json\/wp\/v2\/types\/page"}],"author":[{"embeddable":true,"href":"https:\/\/www.artestruzmallorca.com\/ca\/wp-json\/wp\/v2\/users\/2"}],"replies":[{"embeddable":true,"href":"https:\/\/www.artestruzmallorca.com\/ca\/wp-json\/wp\/v2\/comments?post=11798"}],"version-history":[{"count":2,"href":"https:\/\/www.artestruzmallorca.com\/ca\/wp-json\/wp\/v2\/pages\/11798\/revisions"}],"predecessor-version":[{"id":11821,"href":"https:\/\/www.artestruzmallorca.com\/ca\/wp-json\/wp\/v2\/pages\/11798\/revisions\/11821"}],"wp:attachment":[{"href":"https:\/\/www.artestruzmallorca.com\/ca\/wp-json\/wp\/v2\/media?parent=11798"}],"curies":[{"name":"wp","href":"https:\/\/api.w.org\/{rel}","templated":true}]}}