{"id":11672,"date":"2024-07-23T16:15:21","date_gmt":"2024-07-23T14:15:21","guid":{"rendered":"https:\/\/www.artestruzmallorca.com\/?page_id=11672"},"modified":"2024-07-23T16:15:45","modified_gmt":"2024-07-23T14:15:45","slug":"full-moon","status":"publish","type":"page","link":"https:\/\/www.artestruzmallorca.com\/ca\/full-moon\/","title":{"rendered":"Full Moon &#038; Sunset"},"content":{"rendered":"<p>[vc_row][vc_column][ts_side_content]Un cop al mes us oferim l&#8217;\u00fanica oportunitat de veure el Sunset seguit de la sortida de la lluna plena. \u00c9s un servei exclusiu que oferim un cop Artestruz ja est\u00e0 tancat al p\u00fablic general.<\/p>\n<p>Al Full Moon Rise &amp; Sunset Session, podreu compartir l&#8217;espai amb altres persones que v\u00e9nen a gaudir d&#8217;una espectacular posta de sol amb estru\u00e7os seguit de la sortida de la lluna. Si voleu llogar la granja per a \u00fas totalment exclusiu, contacteu-nos.<\/p>\n<p><strong>L&#8217;horari est\u00e0 adaptat a l&#8217;hora de la posta de sol<\/strong> el dia de l&#8217;esdeveniment (<a href=\"https:\/\/www.google.com\/search?q=sunset+time+mallorca&amp;sca_esv=cc28994e032c69f9&amp;rlz=1C1CHBF_esES863ES863&amp;sxsrf=ACQVn0-dq4GwG0XC8w6ZQuikYXfyA2_X2A%3A1707481221284&amp;ei=hRjGZY_xEIX77_UPs4OpuAo&amp;ved=0ahUKEwjPx56dn56EAxWF_bsIHbNBCqcQ4dUDCBA&amp;uact=5&amp;oq=sunset+time+mallorca&amp;gs_lp=Egxnd3Mtd2l6LXNlcnAiFHN1bnNldCB0aW1lIG1hbGxvcmNhMhAQABiABBiKBRiRAhhGGP4BMgUQABiABDIGEAAYFhgeMgYQABgWGB4yBhAAGBYYHjIGEAAYFhgeMgYQABgWGB4yBhAAGBYYHjILEAAYgAQYigUYhgMyCxAAGIAEGIoFGIYDMhwQABiABBiKBRiRAhhGGP4BGJcFGIwFGN0E2AEBSIsiUO0aWMchcAZ4AZABAJgBpQKgAakLqgEFMC4zLjS4AQPIAQD4AQHCAgoQABhHGNYEGLADwgINEAAYRxjWBBjJAxiwA8ICDhAAGIAEGIoFGJIDGLADwgILEAAYgAQYigUYkQLCAgoQABiABBgUGIcCwgIIEAAYFhgeGA_iAwQYACBBiAYBkAYJugYGCAEQARgT&amp;sclient=gws-wiz-serp\">mireu a quina hora es pon el sol<\/a>).<\/p>\n<p><strong>Arribada i benvinguda<\/strong> (10 minuts): Els visitants s\u00f3n rebuts i se&#8217;ls d\u00f3na una introducci\u00f3 breu.<br \/>\n<strong>Alimentar els estru\u00e7os<\/strong> (15 minuts): Oportunitat per donar menjar als estru\u00e7os i observar-ne el comportament.<br \/>\n<strong>Sessi\u00f3 de preguntes i respostes<\/strong> (30 minuts): Un guia expert respondr\u00e0 totes les preguntes sobre els estru\u00e7os i el seu h\u00e0bitat.<br \/>\n<strong>Temps lliure<\/strong> (25 minuts): Els participants poden passejar, interactuar amb els estru\u00e7os i fer fotos.<br \/>\n<strong>Moment Sunset amb aperitiu<\/strong> (30 minuts): Gaudiu de la posta de sol amb una beguda o gelat de la seva elecci\u00f3 incl\u00f2s en el preu.<br \/>\n<strong>Temps lliure fins a la sortida de la lluna<\/strong>\u00a0Espereu i gaudiu de l&#8217;ambient mentre es prepara per a la sortida de la lluna.<br \/>\n<strong>Comiat<\/strong> (20 minuts despr\u00e9s de la sortida de la lluna): Finalitzaci\u00f3 de l&#8217;esdeveniment despr\u00e9s de la <a href=\"https:\/\/www.tutiempo.net\/palma-de-mallorca.html?datos=calendario\">sortida de la lluna<\/a>.<\/p>\n<p>Un cop realitzada la teva compra, ens posarem en contacte amb tu per determinar la data i l&#8217;horari de la teva experi\u00e8ncia Full Moon Rise &amp; Sunset Session.[\/ts_side_content][vc_column_text]<strong><script>\n  if (typeof hasAmeliaEvent === 'undefined') {\n    var hasAmeliaEvent = true;\n  }\n  if (typeof hasEventApiCall === 'undefined' && ('' === '' && '' !== '1')) {\n    var hasEventApiCall = true;\n  }\n  var hasEventShortcode = (typeof hasEventShortcode === 'undefined') ? false : true;\n  var ameliaShortcodeData = (typeof ameliaShortcodeData === 'undefined') ? [] : ameliaShortcodeData;\n  ameliaShortcodeData.push(\n    {\n      'hasApiCall': (typeof hasEventApiCall !== 'undefined') && hasEventApiCall,\n      'trigger': '',\n      'trigger_type': '',\n      'triggered_form': 'elf',\n      'in_dialog': '',\n      'counter': '1000',\n      'employee': '',\n      'eventId': '43',\n      'eventRecurring': 1,\n      'eventTag': \"\",\n      'locationId': \"\"\n    }\n  );\n  var ameliaShortcodeDataTriggered = (typeof ameliaShortcodeDataTriggered === 'undefined') ? [] : ameliaShortcodeDataTriggered;\n  if (ameliaShortcodeData[ameliaShortcodeData.length - 1].trigger !== '') {\n    if (ameliaShortcodeDataTriggered.filter(a => a.counter === ameliaShortcodeData[ameliaShortcodeData.length - 1].counter).length === 0) {\n      ameliaShortcodeDataTriggered.push(ameliaShortcodeData.pop());\n    } else {\n      ameliaShortcodeData.pop()\n    }\n  }\n  if (typeof hasEventApiCall !== 'undefined' && hasEventApiCall) {\n    hasEventApiCall = false;\n  }\n<\/script>\n\n<div\n  id=\"amelia-v2-booking-1000\"\n  class=\"amelia-v2-booking\"\n>\n    <events-list-form-wrapper><\/div>\n<\/strong>[\/vc_column_text][\/vc_column][\/vc_row]<\/p>\n","protected":false},"excerpt":{"rendered":"<p>[vc_row][vc_column][ts_side_content]Un cop al mes us oferim l&#8217;\u00fanica oportunitat de veure el Sunset seguit de la sortida de la lluna plena. \u00c9s un servei exclusiu que oferim un cop Artestruz ja est\u00e0 tancat al p\u00fablic general. Al Full Moon Rise &amp; Sunset Session, podreu compartir l&#8217;espai amb altres persones que v\u00e9nen a gaudir d&#8217;una espectacular posta [&hellip;]<\/p>\n","protected":false},"author":2,"featured_media":0,"parent":0,"menu_order":0,"comment_status":"closed","ping_status":"closed","template":"","meta":{"footnotes":""},"class_list":["post-11672","page","type-page","status-publish","hentry"],"_links":{"self":[{"href":"https:\/\/www.artestruzmallorca.com\/ca\/wp-json\/wp\/v2\/pages\/11672","targetHints":{"allow":["GET"]}}],"collection":[{"href":"https:\/\/www.artestruzmallorca.com\/ca\/wp-json\/wp\/v2\/pages"}],"about":[{"href":"https:\/\/www.artestruzmallorca.com\/ca\/wp-json\/wp\/v2\/types\/page"}],"author":[{"embeddable":true,"href":"https:\/\/www.artestruzmallorca.com\/ca\/wp-json\/wp\/v2\/users\/2"}],"replies":[{"embeddable":true,"href":"https:\/\/www.artestruzmallorca.com\/ca\/wp-json\/wp\/v2\/comments?post=11672"}],"version-history":[{"count":2,"href":"https:\/\/www.artestruzmallorca.com\/ca\/wp-json\/wp\/v2\/pages\/11672\/revisions"}],"predecessor-version":[{"id":11680,"href":"https:\/\/www.artestruzmallorca.com\/ca\/wp-json\/wp\/v2\/pages\/11672\/revisions\/11680"}],"wp:attachment":[{"href":"https:\/\/www.artestruzmallorca.com\/ca\/wp-json\/wp\/v2\/media?parent=11672"}],"curies":[{"name":"wp","href":"https:\/\/api.w.org\/{rel}","templated":true}]}}